{"id":7691,"date":"2024-09-20T12:00:02","date_gmt":"2024-09-20T10:00:02","guid":{"rendered":"https:\/\/vallfort.com\/regles\/"},"modified":"2025-03-03T13:03:12","modified_gmt":"2025-03-03T12:03:12","slug":"regles","status":"publish","type":"page","link":"https:\/\/vallfort.com\/fr\/regles\/","title":{"rendered":"R\u00e8gles"},"content":{"rendered":"\t\t<div data-elementor-type=\"wp-page\" data-elementor-id=\"7691\" class=\"elementor elementor-7691 elementor-1713\" data-elementor-post-type=\"page\">\n\t\t\t\t<div class=\"elementor-element elementor-element-87e83c9 e-flex e-con-boxed e-con e-parent\" data-id=\"87e83c9\" data-element_type=\"container\">\n\t\t\t\t\t<div class=\"e-con-inner\">\n\t\t\t\t<div class=\"elementor-element elementor-element-fef5a55 elementor-widget elementor-widget-spacer\" data-id=\"fef5a55\" data-element_type=\"widget\" data-widget_type=\"spacer.default\">\n\t\t\t\t<div class=\"elementor-widget-container\">\n\t\t\t\t\t\t\t<div class=\"elementor-spacer\">\n\t\t\t<div class=\"elementor-spacer-inner\"><\/div>\n\t\t<\/div>\n\t\t\t\t\t\t<\/div>\n\t\t\t\t<\/div>\n\t\t\t\t<div class=\"elementor-element elementor-element-b785382 elementor-widget elementor-widget-html\" data-id=\"b785382\" data-element_type=\"widget\" data-widget_type=\"html.default\">\n\t\t\t\t<div class=\"elementor-widget-container\">\n\t\t\t\t\t<script>\ndocument.addEventListener(\"DOMContentLoaded\", () => {\n    \/\/ Elimina todas las clases \"snapSection\"\n    document.querySelectorAll(\".snapSection\").forEach(element => {\n        element.classList.remove(\"snapSection\");\n    });\n\n    \/\/ Asegura que el scroll se lleve a la posici\u00f3n 0 despu\u00e9s de un peque\u00f1o retraso\n    setTimeout(() => {\n        window.scrollTo({ top: 0, left: 0, behavior: \"instant\" }); \/\/ \"instant\" es m\u00e1s efectivo que \"smooth\"\n    }, 1);\n});\n\n<\/script>\t\t\t\t<\/div>\n\t\t\t\t<\/div>\n\t\t\t\t\t<\/div>\n\t\t\t\t<\/div>\n\t\t<div class=\"elementor-element elementor-element-882f477 e-flex e-con-boxed e-con e-parent\" data-id=\"882f477\" data-element_type=\"container\">\n\t\t\t\t\t<div class=\"e-con-inner\">\n\t\t\t\t<div class=\"elementor-element elementor-element-8d9149f elementor-widget elementor-widget-heading\" data-id=\"8d9149f\" data-element_type=\"widget\" data-widget_type=\"heading.default\">\n\t\t\t\t<div class=\"elementor-widget-container\">\n\t\t\t\t\t<h2 class=\"elementor-heading-title elementor-size-default\">R\u00e8gles<\/h2>\t\t\t\t<\/div>\n\t\t\t\t<\/div>\n\t\t\t\t\t<\/div>\n\t\t\t\t<\/div>\n\t\t<div class=\"elementor-element elementor-element-797f120 elementor-hidden-mobile e-flex e-con-boxed e-con e-parent\" data-id=\"797f120\" data-element_type=\"container\">\n\t\t\t\t\t<div class=\"e-con-inner\">\n\t\t<div class=\"elementor-element elementor-element-ea307ed e-con-full e-flex e-con e-child\" data-id=\"ea307ed\" data-element_type=\"container\">\n\t\t\t\t<div class=\"elementor-element elementor-element-5b9be1a elementor-widget elementor-widget-text-editor\" data-id=\"5b9be1a\" data-element_type=\"widget\" data-widget_type=\"text-editor.default\">\n\t\t\t\t<div class=\"elementor-widget-container\">\n\t\t\t\t\t\t\t\t\t<p><b>Capacit\u00e9 d\u2019h\u00e9bergement<br \/><\/b>Jusqu\u2019\u00e0 30 personnes. Les chambres sont ouvertes en fonction de la saison et du nombre de personnes.<\/p>\n<p><b>Dur\u00e9e minimale du s\u00e9jour<\/b><br \/>Minimum de 2 nuits. En \u00e9t\u00e9, location \u00e0 la semaine.<\/p>\n<p><b>Arriv\u00e9e et d\u00e9part<\/b><br \/>Week-end : arriv\u00e9e le vendredi \u00e0 partir de 16h00, d\u00e9part le dimanche \u00e0 la m\u00eame heure.<br \/>Semaine compl\u00e8te : arriv\u00e9e \u00e0 partir de 16h00, d\u00e9part avant 10h00.<\/p>\n<p><b>Capacit\u00e9 de l\u2019espace de c\u00e9l\u00e9bration<\/b><br \/>L&rsquo;Espai Vallfort peut accueillir jusqu&rsquo;\u00e0 200 personnes pour les mariages et \u00e9v\u00e9nements.<\/p>\n<p><b>R\u00e9servation<\/b><br \/>Pour confirmer la r\u00e9servation, un acompte (environ 30-50 % du montant total) devra \u00eatre vers\u00e9 et la confirmation bancaire envoy\u00e9e par e-mail dans les 24 heures suivant la r\u00e9ception de l\u2019e-mail de r\u00e9servation (pour les offres de derni\u00e8re minute, le m\u00eame jour), sur le compte bancaire fourni, en indiquant le nom VALLFORT et la date du s\u00e9jour. En l&rsquo;absence de confirmation bancaire dans le d\u00e9lai imparti, la r\u00e9servation sera automatiquement annul\u00e9e sans pr\u00e9avis et remise \u00e0 la disposition d&rsquo;autres clients potentiels.<\/p>\n<p><b>M\u00e9thodes de paiement<\/b><br \/>Le solde restant pourra \u00eatre r\u00e9gl\u00e9 \u00e0 l&rsquo;arriv\u00e9e \u00e0 la maison (TOUJOURS lors de la remise des cl\u00e9s) ou par virement bancaire au moins 14 jours avant l&rsquo;arriv\u00e9e, avec envoi du justificatif de paiement et communication pr\u00e9alable.<\/p>\n<p><b>Caution<\/b><br \/>\u00c0 l&rsquo;arriv\u00e9e, une caution de 500 \u20ac sera demand\u00e9e. Pour les groupes d&rsquo;adultes de moins de 26 ans et les \u00e9v\u00e9nements tels que mariages, communions, etc., veuillez consulter les conditions de r\u00e9servation.<br \/>La caution couvre, entre autres, la casse de mobilier, un \u00e9tat d\u00e9sordonn\u00e9 du logement et le non-respect du tri des d\u00e9chets (verre, emballages) ainsi que leur d\u00e9p\u00f4t dans la zone pr\u00e9vue \u00e0 cet effet \u00e0 l&rsquo;ext\u00e9rieur de la masia.<\/p>\n<p><b>Annulation<\/b><br \/>Aucun frais ne sera appliqu\u00e9 pour les annulations communiqu\u00e9es au moins 60 jours avant la date de r\u00e9servation. En cas d\u2019annulation dans les 60 jours pr\u00e9c\u00e9dents, le montant d\u00e9j\u00e0 pay\u00e9 sera retenu \u00e0 titre de frais d\u2019annulation.<\/p>\n<p><b>Gestion des d\u00e9chets<\/b><br \/>La collecte des d\u00e9chets se fait en porte-\u00e0-porte et n&rsquo;est effectu\u00e9e que si les d\u00e9chets sont correctement tri\u00e9s.<br \/>Bacs de tri : jaune (emballages plastiques et canettes), bleu (papier et carton), noir (d\u00e9chets r\u00e9siduels), marron (d\u00e9chets organiques), vert (verre). Si l\u2019un des bacs est manquant, il est n\u00e9cessaire de d\u00e9poser les d\u00e9chets dans un sac ferm\u00e9 dans la zone pr\u00e9vue \u00e0 cet effet.<\/p>\n<p><b>Bruit<\/b><br \/>Les r\u00e9glementations locales doivent \u00eatre respect\u00e9es (horaires pour l&rsquo;utilisation d\u2019\u00e9quipements sonores, consommation d&rsquo;alcool sur la voie publique, etc.). Le niveau sonore maximal autoris\u00e9 en ext\u00e9rieur est de 40 dB jusqu&rsquo;\u00e0 22h00, apr\u00e8s quoi tout bruit est interdit. Le non-respect de ces r\u00e8gles peut entra\u00eener une plainte des autorit\u00e9s comp\u00e9tentes et une amende.<\/p>\n<p><b>Musique<\/b><br \/>Apr\u00e8s 22h00, la musique en ext\u00e9rieur n\u2019est pas autoris\u00e9e afin d\u2019\u00e9viter toute nuisance sonore pour le voisinage. Si vous souhaitez \u00e9couter de la musique apr\u00e8s 22h00, cela est uniquement possible \u00e0 l\u2019int\u00e9rieur, dans la salle des presses, en maintenant ferm\u00e9e la porte donnant sur le parking et en \u00e9vitant tout bruit dans cette zone.<br \/>L\u2019introduction d\u2019enceintes puissantes ou de tables de mixage est strictement interdite sans autorisation expresse dans toute la masia. Tout non-respect de cette r\u00e8gle peut entra\u00eener la perte de la caution.<br \/>En cas de mariage, seuls les h\u00f4tes s\u00e9journant \u00e0 la masia auront acc\u00e8s \u00e0 la maison, en \u00e9vitant de mettre de la musique ou de faire du bruit pouvant d\u00e9ranger les voisins.<\/p>\n<p><b>Animaux<\/b><br \/>Les chiens et les chats ne sont pas autoris\u00e9s \u00e0 l&rsquo;int\u00e9rieur de la masia pour des raisons d&rsquo;hygi\u00e8ne, sauf autorisation expresse accord\u00e9e lors de la r\u00e9servation.<\/p>\n\t\t\t\t\t\t\t\t<\/div>\n\t\t\t\t<\/div>\n\t\t\t\t<\/div>\n\t\t<div class=\"elementor-element elementor-element-70898e5 e-con-full e-flex e-con e-child\" data-id=\"70898e5\" data-element_type=\"container\">\n\t\t\t\t<div class=\"elementor-element elementor-element-4b5743d elementor-widget elementor-widget-text-editor\" data-id=\"4b5743d\" data-element_type=\"widget\" data-widget_type=\"text-editor.default\">\n\t\t\t\t<div class=\"elementor-widget-container\">\n\t\t\t\t\t\t\t\t\t<p><b>Acc\u00e8s<\/b><br \/>   L&rsquo;acc\u00e8s \u00e0 la masia est exclusivement r\u00e9serv\u00e9 aux personnes y s\u00e9journant et doit \u00eatre communiqu\u00e9 pr\u00e9alablement \u00e0 la propri\u00e9t\u00e9. En aucun cas, des personnes non d\u00e9clar\u00e9es \u00e0 l&rsquo;avance ne seront admises, que ce soit \u00e0 l&rsquo;int\u00e9rieur de la maison, sous le porche avec barbecue, dans le jardin ou \u00e0 la piscine. Pour les invit\u00e9s b\u00e9n\u00e9ficiant d\u2019une autorisation pr\u00e9alable, des frais suppl\u00e9mentaires peuvent s\u2019appliquer.<br \/>   Tout service traiteur ou prestataire doit \u00eatre signal\u00e9 \u00e0 la propri\u00e9t\u00e9 afin de garantir le respect des r\u00e8gles de la maison.<\/p>\n<p><b>\u00c9quipement<\/b><br \/>   La location comprend : linge de lit et de bain, eau courante et \u00e9lectricit\u00e9, \u00e9lectrom\u00e9nagers, vaisselle, couverts, verrerie, ustensiles de cuisine et de nettoyage, mobilier, ainsi que le m\u00e9nage avant votre arriv\u00e9e et apr\u00e8s votre d\u00e9part. Pendant le s\u00e9jour, l\u2019entretien des lieux est \u00e0 la charge du locataire. Si la maison est restitu\u00e9e dans un \u00e9tat de propret\u00e9 ou d\u2019ordre insuffisant, \u00e0 l\u2019int\u00e9rieur comme \u00e0 l\u2019ext\u00e9rieur, les frais de nettoyage seront d\u00e9duits de la caution, tout comme en cas de mauvaise utilisation, de casse ou de disparition du linge de maison, d\u2019\u00e9l\u00e9ments d\u00e9coratifs, d\u2019ustensiles ou de mobilier.<\/p>\n<p><b>Pyrotechnie<\/b><br \/>   Il est strictement interdit d\u2019utiliser des feux d\u2019artifice ou des fumig\u00e8nes, ainsi que d\u2019allumer un feu en dehors des zones sp\u00e9cifiquement pr\u00e9vues \u00e0 cet effet. L\u2019usage de confettis est \u00e9galement interdit \u00e0 l\u2019int\u00e9rieur comme \u00e0 l\u2019ext\u00e9rieur.<\/p>\n<p><b>Fum\u00e9e<\/b><br \/>   Il est formellement interdit de fumer \u00e0 l\u2019int\u00e9rieur de la masia, aussi bien dans les espaces communs que dans les chambres.<\/p>\n<p><b>Piscine<\/b><br \/>   La piscine ne dispose pas de service de surveillance ni de ma\u00eetre-nageur.<br \/>   L\u2019acc\u00e8s et l\u2019utilisation de la piscine sont interdits aux enfants de moins de 14 ans sans la pr\u00e9sence d\u2019un adulte responsable.<br \/>   L\u2019utilisateur est enti\u00e8rement responsable du bon usage de la piscine et de tout accident pouvant s\u2019y produire.<br \/>   L\u2019usage de tout mat\u00e9riel en verre (verres, assiettes\u2026) est strictement interdit afin de garantir la s\u00e9curit\u00e9 des utilisateurs.<br \/>   Nous informons que les obligations relatives \u00e0 la pr\u00e9sence d\u2019un personnel de surveillance ou de secours ne s\u2019appliquent pas aux piscines int\u00e9gr\u00e9es dans des h\u00e9bergements touristiques de type maisons rurales, r\u00e9gies par le D\u00e9cret 214\/1995 du 27 juin (DOGC n\u00ba 2085 du 7.8.1995).<\/p>\n<p><b>R\u00e9siliation<\/b><br \/>   Le propri\u00e9taire se r\u00e9serve le droit de r\u00e9silier imm\u00e9diatement le contrat dans les cas suivants :<br \/>   &#8211; Acc\u00e8s d\u2019occupants, d\u2019animaux domestiques ou de prestataires non autoris\u00e9s pr\u00e9alablement par la propri\u00e9t\u00e9.<br \/>   &#8211; Cession ou sous-location totale ou partielle de l\u2019h\u00e9bergement.<br \/>   &#8211; Mauvaise utilisation des installations ou non-respect des r\u00e8gles \u00e9tablies.<br \/>   &#8211; D\u00e9placement du mobilier int\u00e9rieur vers l\u2019ext\u00e9rieur (tables, chaises, t\u00e9l\u00e9vision, etc.).<br \/>   &#8211; D\u00e9placement ou retrait des \u00e9l\u00e9ments d\u00e9coratifs des chambres et salons.<br \/>   &#8211; Non-respect des r\u00e8gles habituelles d\u2019urbanit\u00e9, d\u2019hygi\u00e8ne, de convivialit\u00e9 ou d\u2019ordre public.<\/p>\n<p><b>Responsabilit\u00e9s exclues<\/b><br \/>   &#8211; Vols, pertes ou dommages pouvant survenir aux clients pendant leur s\u00e9jour.<br \/>   &#8211; Coupures d\u2019\u00e9lectricit\u00e9, d\u2019eau ou de gaz.<br \/>   &#8211; Panne d\u2019\u00e9lectrom\u00e9nagers ou d\u2019autres appareils pr\u00e9sents dans l\u2019h\u00e9bergement. Toute panne doit \u00eatre signal\u00e9e imm\u00e9diatement afin d\u2019\u00eatre transmise au service technique appropri\u00e9, mais l\u2019absence d\u2019intervention ne donnera lieu \u00e0 aucune indemnisation.<br \/>   &#8211; Travaux r\u00e9alis\u00e9s par la mairie ou par des entreprises ext\u00e9rieures \u00e0 la maison, qui pourraient affecter le bon d\u00e9roulement du s\u00e9jour.<br \/>   &#8211; Toute situation de force majeure, catastrophe naturelle ou autre \u00e9v\u00e9nement emp\u00eachant l\u2019utilisation normale des installations.<\/p>\n\t\t\t\t\t\t\t\t<\/div>\n\t\t\t\t<\/div>\n\t\t\t\t<\/div>\n\t\t\t\t\t<\/div>\n\t\t\t\t<\/div>\n\t\t<div class=\"elementor-element elementor-element-cb6829d elementor-hidden-desktop elementor-hidden-tablet e-flex e-con-boxed e-con e-parent\" data-id=\"cb6829d\" data-element_type=\"container\">\n\t\t\t\t\t<div class=\"e-con-inner\">\n\t\t\t\t<div class=\"elementor-element elementor-element-728ece4 elementor-widget elementor-widget-n-accordion\" data-id=\"728ece4\" data-element_type=\"widget\" data-settings=\"{&quot;default_state&quot;:&quot;all_collapsed&quot;,&quot;max_items_expended&quot;:&quot;one&quot;,&quot;n_accordion_animation_duration&quot;:{&quot;unit&quot;:&quot;ms&quot;,&quot;size&quot;:400,&quot;sizes&quot;:[]}}\" data-widget_type=\"nested-accordion.default\">\n\t\t\t\t<div class=\"elementor-widget-container\">\n\t\t\t\t\t\t\t<div class=\"e-n-accordion\" aria-label=\"Accordion. Open links with Enter or Space, close with Escape, and navigate with Arrow Keys\">\n\t\t\t\t\t\t<details id=\"e-n-accordion-item-1200\" class=\"e-n-accordion-item\" >\n\t\t\t\t<summary class=\"e-n-accordion-item-title\" data-accordion-index=\"1\" tabindex=\"0\" aria-expanded=\"false\" aria-controls=\"e-n-accordion-item-1200\" >\n\t\t\t\t\t<span class='e-n-accordion-item-title-header'><div class=\"e-n-accordion-item-title-text\"> Capacit\u00e9 Masia <\/div><\/span>\n\t\t\t\t\t\t\t<span class='e-n-accordion-item-title-icon'>\n\t\t\t<span class='e-opened' ><i aria-hidden=\"true\" class=\"fas fa-minus\"><\/i><\/span>\n\t\t\t<span class='e-closed'><i aria-hidden=\"true\" class=\"fas fa-plus\"><\/i><\/span>\n\t\t<\/span>\n\n\t\t\t\t\t\t<\/summary>\n\t\t\t\t<div role=\"region\" aria-labelledby=\"e-n-accordion-item-1200\" class=\"elementor-element elementor-element-2285469 e-con-full e-flex e-con e-child\" data-id=\"2285469\" data-element_type=\"container\">\n\t\t\t\t<div class=\"elementor-element elementor-element-80f31fb elementor-widget elementor-widget-text-editor\" data-id=\"80f31fb\" data-element_type=\"widget\" data-widget_type=\"text-editor.default\">\n\t\t\t\t<div class=\"elementor-widget-container\">\n\t\t\t\t\t\t\t\t\t<p>Jusqu&rsquo;\u00e0 30 personnes. Les chambres sont ouvertes en fonction de la saison et du nombre de personnes.<\/p>\n\t\t\t\t\t\t\t\t<\/div>\n\t\t\t\t<\/div>\n\t\t\t\t<\/div>\n\t\t\t\t\t<\/details>\n\t\t\t\t\t\t<details id=\"e-n-accordion-item-1201\" class=\"e-n-accordion-item\" >\n\t\t\t\t<summary class=\"e-n-accordion-item-title\" data-accordion-index=\"2\" tabindex=\"-1\" aria-expanded=\"false\" aria-controls=\"e-n-accordion-item-1201\" >\n\t\t\t\t\t<span class='e-n-accordion-item-title-header'><div class=\"e-n-accordion-item-title-text\"> Dur\u00e9e minimale du s\u00e9jour <\/div><\/span>\n\t\t\t\t\t\t\t<span class='e-n-accordion-item-title-icon'>\n\t\t\t<span class='e-opened' ><i aria-hidden=\"true\" class=\"fas fa-minus\"><\/i><\/span>\n\t\t\t<span class='e-closed'><i aria-hidden=\"true\" class=\"fas fa-plus\"><\/i><\/span>\n\t\t<\/span>\n\n\t\t\t\t\t\t<\/summary>\n\t\t\t\t<div role=\"region\" aria-labelledby=\"e-n-accordion-item-1201\" class=\"elementor-element elementor-element-5b5cd81 e-con-full e-flex e-con e-child\" data-id=\"5b5cd81\" data-element_type=\"container\">\n\t\t\t\t<div class=\"elementor-element elementor-element-c099424 elementor-widget elementor-widget-text-editor\" data-id=\"c099424\" data-element_type=\"widget\" data-widget_type=\"text-editor.default\">\n\t\t\t\t<div class=\"elementor-widget-container\">\n\t\t\t\t\t\t\t\t\t<p>Minimum de 2 nuits. En \u00e9t\u00e9, location \u00e0 la semaine.<\/p>\n\t\t\t\t\t\t\t\t<\/div>\n\t\t\t\t<\/div>\n\t\t\t\t<\/div>\n\t\t\t\t\t<\/details>\n\t\t\t\t\t\t<details id=\"e-n-accordion-item-1202\" class=\"e-n-accordion-item\" >\n\t\t\t\t<summary class=\"e-n-accordion-item-title\" data-accordion-index=\"3\" tabindex=\"-1\" aria-expanded=\"false\" aria-controls=\"e-n-accordion-item-1202\" >\n\t\t\t\t\t<span class='e-n-accordion-item-title-header'><div class=\"e-n-accordion-item-title-text\"> Arriv\u00e9e et d\u00e9part <\/div><\/span>\n\t\t\t\t\t\t\t<span class='e-n-accordion-item-title-icon'>\n\t\t\t<span class='e-opened' ><i aria-hidden=\"true\" class=\"fas fa-minus\"><\/i><\/span>\n\t\t\t<span class='e-closed'><i aria-hidden=\"true\" class=\"fas fa-plus\"><\/i><\/span>\n\t\t<\/span>\n\n\t\t\t\t\t\t<\/summary>\n\t\t\t\t<div role=\"region\" aria-labelledby=\"e-n-accordion-item-1202\" class=\"elementor-element elementor-element-5de1644 e-con-full e-flex e-con e-child\" data-id=\"5de1644\" data-element_type=\"container\">\n\t\t\t\t<div class=\"elementor-element elementor-element-79bf8e4 elementor-widget elementor-widget-text-editor\" data-id=\"79bf8e4\" data-element_type=\"widget\" data-widget_type=\"text-editor.default\">\n\t\t\t\t<div class=\"elementor-widget-container\">\n\t\t\t\t\t\t\t\t\t<p>Week-end : arriv\u00e9e le vendredi \u00e0 partir de 16h00, d\u00e9part le dimanche \u00e0 la m\u00eame heure.<br \/>   Semaine compl\u00e8te : arriv\u00e9e \u00e0 partir de 16h00, d\u00e9part avant 10h00.<\/p>\n\t\t\t\t\t\t\t\t<\/div>\n\t\t\t\t<\/div>\n\t\t\t\t<\/div>\n\t\t\t\t\t<\/details>\n\t\t\t\t\t\t<details id=\"e-n-accordion-item-1203\" class=\"e-n-accordion-item\" >\n\t\t\t\t<summary class=\"e-n-accordion-item-title\" data-accordion-index=\"4\" tabindex=\"-1\" aria-expanded=\"false\" aria-controls=\"e-n-accordion-item-1203\" >\n\t\t\t\t\t<span class='e-n-accordion-item-title-header'><div class=\"e-n-accordion-item-title-text\"> Capacit\u00e9 Espai <\/div><\/span>\n\t\t\t\t\t\t\t<span class='e-n-accordion-item-title-icon'>\n\t\t\t<span class='e-opened' ><i aria-hidden=\"true\" class=\"fas fa-minus\"><\/i><\/span>\n\t\t\t<span class='e-closed'><i aria-hidden=\"true\" class=\"fas fa-plus\"><\/i><\/span>\n\t\t<\/span>\n\n\t\t\t\t\t\t<\/summary>\n\t\t\t\t<div role=\"region\" aria-labelledby=\"e-n-accordion-item-1203\" class=\"elementor-element elementor-element-b769aaa e-con-full e-flex e-con e-child\" data-id=\"b769aaa\" data-element_type=\"container\">\n\t\t\t\t<div class=\"elementor-element elementor-element-4a54b79 elementor-widget elementor-widget-text-editor\" data-id=\"4a54b79\" data-element_type=\"widget\" data-widget_type=\"text-editor.default\">\n\t\t\t\t<div class=\"elementor-widget-container\">\n\t\t\t\t\t\t\t\t\t<p>L&rsquo;Espai Vallfort peut accueillir jusqu&rsquo;\u00e0 200 personnes pour la c\u00e9l\u00e9bration de mariages et d&rsquo;\u00e9v\u00e9nements.<\/p>\n\t\t\t\t\t\t\t\t<\/div>\n\t\t\t\t<\/div>\n\t\t\t\t<\/div>\n\t\t\t\t\t<\/details>\n\t\t\t\t\t\t<details id=\"e-n-accordion-item-1204\" class=\"e-n-accordion-item\" >\n\t\t\t\t<summary class=\"e-n-accordion-item-title\" data-accordion-index=\"5\" tabindex=\"-1\" aria-expanded=\"false\" aria-controls=\"e-n-accordion-item-1204\" >\n\t\t\t\t\t<span class='e-n-accordion-item-title-header'><div class=\"e-n-accordion-item-title-text\"> R\u00e9servation <\/div><\/span>\n\t\t\t\t\t\t\t<span class='e-n-accordion-item-title-icon'>\n\t\t\t<span class='e-opened' ><i aria-hidden=\"true\" class=\"fas fa-minus\"><\/i><\/span>\n\t\t\t<span class='e-closed'><i aria-hidden=\"true\" class=\"fas fa-plus\"><\/i><\/span>\n\t\t<\/span>\n\n\t\t\t\t\t\t<\/summary>\n\t\t\t\t<div role=\"region\" aria-labelledby=\"e-n-accordion-item-1204\" class=\"elementor-element elementor-element-9d0028b e-con-full e-flex e-con e-child\" data-id=\"9d0028b\" data-element_type=\"container\">\n\t\t\t\t<div class=\"elementor-element elementor-element-5bbb050 elementor-widget elementor-widget-text-editor\" data-id=\"5bbb050\" data-element_type=\"widget\" data-widget_type=\"text-editor.default\">\n\t\t\t\t<div class=\"elementor-widget-container\">\n\t\t\t\t\t\t\t\t\t<p>Pour confirmer la r\u00e9servation, un acompte correspondant (environ 30 \u00e0 50 % du montant total) devra \u00eatre vers\u00e9 et la confirmation bancaire envoy\u00e9e par e-mail dans les 24 heures suivant la r\u00e9ception de l&rsquo;e-mail de r\u00e9servation (pour les offres et les derni\u00e8res minutes, le m\u00eame jour), sur le compte bancaire fourni, en indiquant le nom VALLFORT et la date du s\u00e9jour. En l&rsquo;absence de confirmation bancaire dans le d\u00e9lai imparti, la r\u00e9servation sera automatiquement annul\u00e9e, sans pr\u00e9avis, et remise \u00e0 la disposition d&rsquo;autres clients potentiels.<\/p>\n\t\t\t\t\t\t\t\t<\/div>\n\t\t\t\t<\/div>\n\t\t\t\t<\/div>\n\t\t\t\t\t<\/details>\n\t\t\t\t\t\t<details id=\"e-n-accordion-item-1205\" class=\"e-n-accordion-item\" >\n\t\t\t\t<summary class=\"e-n-accordion-item-title\" data-accordion-index=\"6\" tabindex=\"-1\" aria-expanded=\"false\" aria-controls=\"e-n-accordion-item-1205\" >\n\t\t\t\t\t<span class='e-n-accordion-item-title-header'><div class=\"e-n-accordion-item-title-text\"> Modes de paiement <\/div><\/span>\n\t\t\t\t\t\t\t<span class='e-n-accordion-item-title-icon'>\n\t\t\t<span class='e-opened' ><i aria-hidden=\"true\" class=\"fas fa-minus\"><\/i><\/span>\n\t\t\t<span class='e-closed'><i aria-hidden=\"true\" class=\"fas fa-plus\"><\/i><\/span>\n\t\t<\/span>\n\n\t\t\t\t\t\t<\/summary>\n\t\t\t\t<div role=\"region\" aria-labelledby=\"e-n-accordion-item-1205\" class=\"elementor-element elementor-element-5a5a71e e-con-full e-flex e-con e-child\" data-id=\"5a5a71e\" data-element_type=\"container\">\n\t\t\t\t<div class=\"elementor-element elementor-element-e01b55c elementor-widget elementor-widget-text-editor\" data-id=\"e01b55c\" data-element_type=\"widget\" data-widget_type=\"text-editor.default\">\n\t\t\t\t<div class=\"elementor-widget-container\">\n\t\t\t\t\t\t\t\t\t<p>Le solde restant pourra \u00eatre r\u00e9gl\u00e9 \u00e0 l&rsquo;arriv\u00e9e \u00e0 la maison (TOUJOURS lors de la remise des cl\u00e9s) ou par virement bancaire, au moins 14 jours avant l&rsquo;arriv\u00e9e, avec envoi du justificatif de paiement et communication pr\u00e9alable.<\/p>\n\t\t\t\t\t\t\t\t<\/div>\n\t\t\t\t<\/div>\n\t\t\t\t<\/div>\n\t\t\t\t\t<\/details>\n\t\t\t\t\t\t<details id=\"e-n-accordion-item-1206\" class=\"e-n-accordion-item\" >\n\t\t\t\t<summary class=\"e-n-accordion-item-title\" data-accordion-index=\"7\" tabindex=\"-1\" aria-expanded=\"false\" aria-controls=\"e-n-accordion-item-1206\" >\n\t\t\t\t\t<span class='e-n-accordion-item-title-header'><div class=\"e-n-accordion-item-title-text\"> Caution <\/div><\/span>\n\t\t\t\t\t\t\t<span class='e-n-accordion-item-title-icon'>\n\t\t\t<span class='e-opened' ><i aria-hidden=\"true\" class=\"fas fa-minus\"><\/i><\/span>\n\t\t\t<span class='e-closed'><i aria-hidden=\"true\" class=\"fas fa-plus\"><\/i><\/span>\n\t\t<\/span>\n\n\t\t\t\t\t\t<\/summary>\n\t\t\t\t<div role=\"region\" aria-labelledby=\"e-n-accordion-item-1206\" class=\"elementor-element elementor-element-f716845 e-con-full e-flex e-con e-child\" data-id=\"f716845\" data-element_type=\"container\">\n\t\t\t\t<div class=\"elementor-element elementor-element-73ac47a elementor-widget elementor-widget-text-editor\" data-id=\"73ac47a\" data-element_type=\"widget\" data-widget_type=\"text-editor.default\">\n\t\t\t\t<div class=\"elementor-widget-container\">\n\t\t\t\t\t\t\t\t\t<p>\u00c0 l&rsquo;arriv\u00e9e \u00e0 la maison, une caution de 500 \u20ac sera demand\u00e9e. Pour les groupes d&rsquo;adultes de moins de 26 ans et les \u00e9v\u00e9nements tels que mariages, communions, etc., veuillez consulter les conditions de r\u00e9servation.<br \/>   La caution couvre, entre autres, la casse de meubles, un \u00e9tat d\u00e9sordonn\u00e9 du logement et le non-respect du tri des d\u00e9chets (verre, emballages) ainsi que leur d\u00e9p\u00f4t dans la zone pr\u00e9vue \u00e0 cet effet \u00e0 l&rsquo;ext\u00e9rieur de la masia.<\/p>\n\t\t\t\t\t\t\t\t<\/div>\n\t\t\t\t<\/div>\n\t\t\t\t<\/div>\n\t\t\t\t\t<\/details>\n\t\t\t\t\t\t<details id=\"e-n-accordion-item-1207\" class=\"e-n-accordion-item\" >\n\t\t\t\t<summary class=\"e-n-accordion-item-title\" data-accordion-index=\"8\" tabindex=\"-1\" aria-expanded=\"false\" aria-controls=\"e-n-accordion-item-1207\" >\n\t\t\t\t\t<span class='e-n-accordion-item-title-header'><div class=\"e-n-accordion-item-title-text\"> Annulation <\/div><\/span>\n\t\t\t\t\t\t\t<span class='e-n-accordion-item-title-icon'>\n\t\t\t<span class='e-opened' ><i aria-hidden=\"true\" class=\"fas fa-minus\"><\/i><\/span>\n\t\t\t<span class='e-closed'><i aria-hidden=\"true\" class=\"fas fa-plus\"><\/i><\/span>\n\t\t<\/span>\n\n\t\t\t\t\t\t<\/summary>\n\t\t\t\t<div role=\"region\" aria-labelledby=\"e-n-accordion-item-1207\" class=\"elementor-element elementor-element-d5ea782 e-con-full e-flex e-con e-child\" data-id=\"d5ea782\" data-element_type=\"container\">\n\t\t\t\t<div class=\"elementor-element elementor-element-20990bc elementor-widget elementor-widget-text-editor\" data-id=\"20990bc\" data-element_type=\"widget\" data-widget_type=\"text-editor.default\">\n\t\t\t\t<div class=\"elementor-widget-container\">\n\t\t\t\t\t\t\t\t\t<p>Aucun frais ne sera appliqu\u00e9 pour les annulations communiqu\u00e9es au moins 60 jours avant la date de r\u00e9servation. Pour les annulations effectu\u00e9es dans les 60 jours pr\u00e9c\u00e9dents, le montant d\u00e9j\u00e0 pay\u00e9 sera retenu \u00e0 titre de frais d\u2019annulation.<\/p>\n\t\t\t\t\t\t\t\t<\/div>\n\t\t\t\t<\/div>\n\t\t\t\t<\/div>\n\t\t\t\t\t<\/details>\n\t\t\t\t\t\t<details id=\"e-n-accordion-item-1208\" class=\"e-n-accordion-item\" >\n\t\t\t\t<summary class=\"e-n-accordion-item-title\" data-accordion-index=\"9\" tabindex=\"-1\" aria-expanded=\"false\" aria-controls=\"e-n-accordion-item-1208\" >\n\t\t\t\t\t<span class='e-n-accordion-item-title-header'><div class=\"e-n-accordion-item-title-text\"> Gestion des d\u00e9chets <\/div><\/span>\n\t\t\t\t\t\t\t<span class='e-n-accordion-item-title-icon'>\n\t\t\t<span class='e-opened' ><i aria-hidden=\"true\" class=\"fas fa-minus\"><\/i><\/span>\n\t\t\t<span class='e-closed'><i aria-hidden=\"true\" class=\"fas fa-plus\"><\/i><\/span>\n\t\t<\/span>\n\n\t\t\t\t\t\t<\/summary>\n\t\t\t\t<div role=\"region\" aria-labelledby=\"e-n-accordion-item-1208\" class=\"elementor-element elementor-element-5501c89 e-con-full e-flex e-con e-child\" data-id=\"5501c89\" data-element_type=\"container\">\n\t\t\t\t<div class=\"elementor-element elementor-element-abe149e elementor-widget elementor-widget-text-editor\" data-id=\"abe149e\" data-element_type=\"widget\" data-widget_type=\"text-editor.default\">\n\t\t\t\t<div class=\"elementor-widget-container\">\n\t\t\t\t\t\t\t\t\t<p>La collecte des d\u00e9chets se fait en porte-\u00e0-porte et n&rsquo;est effectu\u00e9e que si les d\u00e9chets sont correctement tri\u00e9s.<br \/>   Bacs de tri : jaune (emballages plastiques et canettes), bleu (papier et carton), noir (d\u00e9chets r\u00e9siduels), marron (d\u00e9chets organiques), vert (verre). Si l\u2019un des bacs est manquant, il est n\u00e9cessaire de d\u00e9poser les d\u00e9chets dans un sac ferm\u00e9 dans la zone pr\u00e9vue \u00e0 cet effet.<\/p>\n\t\t\t\t\t\t\t\t<\/div>\n\t\t\t\t<\/div>\n\t\t\t\t<\/div>\n\t\t\t\t\t<\/details>\n\t\t\t\t\t\t<details id=\"e-n-accordion-item-1209\" class=\"e-n-accordion-item\" >\n\t\t\t\t<summary class=\"e-n-accordion-item-title\" data-accordion-index=\"10\" tabindex=\"-1\" aria-expanded=\"false\" aria-controls=\"e-n-accordion-item-1209\" >\n\t\t\t\t\t<span class='e-n-accordion-item-title-header'><div class=\"e-n-accordion-item-title-text\"> Bruit <\/div><\/span>\n\t\t\t\t\t\t\t<span class='e-n-accordion-item-title-icon'>\n\t\t\t<span class='e-opened' ><i aria-hidden=\"true\" class=\"fas fa-minus\"><\/i><\/span>\n\t\t\t<span class='e-closed'><i aria-hidden=\"true\" class=\"fas fa-plus\"><\/i><\/span>\n\t\t<\/span>\n\n\t\t\t\t\t\t<\/summary>\n\t\t\t\t<div role=\"region\" aria-labelledby=\"e-n-accordion-item-1209\" class=\"elementor-element elementor-element-5bbfc47 e-con-full e-flex e-con e-child\" data-id=\"5bbfc47\" data-element_type=\"container\">\n\t\t\t\t<div class=\"elementor-element elementor-element-db2bffa elementor-widget elementor-widget-text-editor\" data-id=\"db2bffa\" data-element_type=\"widget\" data-widget_type=\"text-editor.default\">\n\t\t\t\t<div class=\"elementor-widget-container\">\n\t\t\t\t\t\t\t\t\t<p>Les r\u00e9glementations de voisinage doivent \u00eatre respect\u00e9es (horaires pour l&rsquo;utilisation d&rsquo;\u00e9quipements sonores, consommation de boissons alcoolis\u00e9es sur la voie publique, etc.), conform\u00e9ment aux r\u00e8gles en vigueur dans toute la commune. Le niveau sonore maximal autoris\u00e9 en ext\u00e9rieur est de 40 dB jusqu&rsquo;\u00e0 22h00 et est interdit apr\u00e8s cette heure. Le non-respect de ces r\u00e8gles peut entra\u00eener une plainte aupr\u00e8s des autorit\u00e9s comp\u00e9tentes et une sanction financi\u00e8re.<\/p>\n\t\t\t\t\t\t\t\t<\/div>\n\t\t\t\t<\/div>\n\t\t\t\t<\/div>\n\t\t\t\t\t<\/details>\n\t\t\t\t\t\t<details id=\"e-n-accordion-item-12010\" class=\"e-n-accordion-item\" >\n\t\t\t\t<summary class=\"e-n-accordion-item-title\" data-accordion-index=\"11\" tabindex=\"-1\" aria-expanded=\"false\" aria-controls=\"e-n-accordion-item-12010\" >\n\t\t\t\t\t<span class='e-n-accordion-item-title-header'><div class=\"e-n-accordion-item-title-text\"> Musique <\/div><\/span>\n\t\t\t\t\t\t\t<span class='e-n-accordion-item-title-icon'>\n\t\t\t<span class='e-opened' ><i aria-hidden=\"true\" class=\"fas fa-minus\"><\/i><\/span>\n\t\t\t<span class='e-closed'><i aria-hidden=\"true\" class=\"fas fa-plus\"><\/i><\/span>\n\t\t<\/span>\n\n\t\t\t\t\t\t<\/summary>\n\t\t\t\t<div role=\"region\" aria-labelledby=\"e-n-accordion-item-12010\" class=\"elementor-element elementor-element-c090dec e-con-full e-flex e-con e-child\" data-id=\"c090dec\" data-element_type=\"container\">\n\t\t\t\t<div class=\"elementor-element elementor-element-77c8859 elementor-widget elementor-widget-text-editor\" data-id=\"77c8859\" data-element_type=\"widget\" data-widget_type=\"text-editor.default\">\n\t\t\t\t<div class=\"elementor-widget-container\">\n\t\t\t\t\t\t\t\t\t<p>\u00c0 partir de 22h00, la musique en ext\u00e9rieur n&rsquo;est pas autoris\u00e9e afin d&rsquo;\u00e9viter toute nuisance sonore pour le voisinage. Si vous souhaitez mettre de la musique apr\u00e8s 22h00, cela est uniquement possible \u00e0 l&rsquo;int\u00e9rieur, dans la salle des presses, en maintenant ferm\u00e9e la porte donnant sur le parking et en \u00e9vitant tout bruit dans cette zone.<br \/>   L\u2019introduction d\u2019enceintes puissantes ou de tables de mixage est strictement interdite sans autorisation expresse dans toute la masia. Tout non-respect de cette r\u00e8gle peut entra\u00eener la perte de la caution.<br \/>   En cas de mariage, seuls les h\u00f4tes s\u00e9journant \u00e0 la masia auront acc\u00e8s \u00e0 la maison, en \u00e9vitant de mettre de la musique ou de faire du bruit pouvant d\u00e9ranger les voisins.<\/p>\n\t\t\t\t\t\t\t\t<\/div>\n\t\t\t\t<\/div>\n\t\t\t\t<\/div>\n\t\t\t\t\t<\/details>\n\t\t\t\t\t\t<details id=\"e-n-accordion-item-12011\" class=\"e-n-accordion-item\" >\n\t\t\t\t<summary class=\"e-n-accordion-item-title\" data-accordion-index=\"12\" tabindex=\"-1\" aria-expanded=\"false\" aria-controls=\"e-n-accordion-item-12011\" >\n\t\t\t\t\t<span class='e-n-accordion-item-title-header'><div class=\"e-n-accordion-item-title-text\"> Animaux <\/div><\/span>\n\t\t\t\t\t\t\t<span class='e-n-accordion-item-title-icon'>\n\t\t\t<span class='e-opened' ><i aria-hidden=\"true\" class=\"fas fa-minus\"><\/i><\/span>\n\t\t\t<span class='e-closed'><i aria-hidden=\"true\" class=\"fas fa-plus\"><\/i><\/span>\n\t\t<\/span>\n\n\t\t\t\t\t\t<\/summary>\n\t\t\t\t<div role=\"region\" aria-labelledby=\"e-n-accordion-item-12011\" class=\"elementor-element elementor-element-b2c57cd e-con-full e-flex e-con e-child\" data-id=\"b2c57cd\" data-element_type=\"container\">\n\t\t\t\t<div class=\"elementor-element elementor-element-de8bda7 elementor-widget elementor-widget-text-editor\" data-id=\"de8bda7\" data-element_type=\"widget\" data-widget_type=\"text-editor.default\">\n\t\t\t\t<div class=\"elementor-widget-container\">\n\t\t\t\t\t\t\t\t\t<p>Les chiens et les chats ne sont pas admis \u00e0 l&rsquo;int\u00e9rieur de la masia pour des raisons d&rsquo;hygi\u00e8ne, sauf autorisation expresse pr\u00e9alable lors de la r\u00e9servation.<\/p>\n\t\t\t\t\t\t\t\t<\/div>\n\t\t\t\t<\/div>\n\t\t\t\t<\/div>\n\t\t\t\t\t<\/details>\n\t\t\t\t\t\t<details id=\"e-n-accordion-item-12012\" class=\"e-n-accordion-item\" >\n\t\t\t\t<summary class=\"e-n-accordion-item-title\" data-accordion-index=\"13\" tabindex=\"-1\" aria-expanded=\"false\" aria-controls=\"e-n-accordion-item-12012\" >\n\t\t\t\t\t<span class='e-n-accordion-item-title-header'><div class=\"e-n-accordion-item-title-text\"> Acc\u00e8s <\/div><\/span>\n\t\t\t\t\t\t\t<span class='e-n-accordion-item-title-icon'>\n\t\t\t<span class='e-opened' ><i aria-hidden=\"true\" class=\"fas fa-minus\"><\/i><\/span>\n\t\t\t<span class='e-closed'><i aria-hidden=\"true\" class=\"fas fa-plus\"><\/i><\/span>\n\t\t<\/span>\n\n\t\t\t\t\t\t<\/summary>\n\t\t\t\t<div role=\"region\" aria-labelledby=\"e-n-accordion-item-12012\" class=\"elementor-element elementor-element-a307b96 e-con-full e-flex e-con e-child\" data-id=\"a307b96\" data-element_type=\"container\">\n\t\t\t\t<div class=\"elementor-element elementor-element-c05d6be elementor-widget elementor-widget-text-editor\" data-id=\"c05d6be\" data-element_type=\"widget\" data-widget_type=\"text-editor.default\">\n\t\t\t\t<div class=\"elementor-widget-container\">\n\t\t\t\t\t\t\t\t\t<p>L&rsquo;acc\u00e8s \u00e0 la masia est exclusivement r\u00e9serv\u00e9 aux personnes y s\u00e9journant et doit \u00eatre communiqu\u00e9 pr\u00e9alablement \u00e0 la propri\u00e9t\u00e9. En aucun cas, des personnes non d\u00e9clar\u00e9es \u00e0 l&rsquo;avance ne seront admises, que ce soit \u00e0 l&rsquo;int\u00e9rieur de la maison, sous le porche avec barbecue, dans le jardin ou \u00e0 la piscine. Pour les invit\u00e9s b\u00e9n\u00e9ficiant d\u2019une autorisation pr\u00e9alable, des frais suppl\u00e9mentaires peuvent s\u2019appliquer.<br \/>   Tout service traiteur ou prestataire doit \u00eatre signal\u00e9 \u00e0 la propri\u00e9t\u00e9 afin de garantir le respect des r\u00e8gles de la maison.<\/p>\n\t\t\t\t\t\t\t\t<\/div>\n\t\t\t\t<\/div>\n\t\t\t\t<\/div>\n\t\t\t\t\t<\/details>\n\t\t\t\t\t\t<details id=\"e-n-accordion-item-12013\" class=\"e-n-accordion-item\" >\n\t\t\t\t<summary class=\"e-n-accordion-item-title\" data-accordion-index=\"14\" tabindex=\"-1\" aria-expanded=\"false\" aria-controls=\"e-n-accordion-item-12013\" >\n\t\t\t\t\t<span class='e-n-accordion-item-title-header'><div class=\"e-n-accordion-item-title-text\"> \u00c9quipement <\/div><\/span>\n\t\t\t\t\t\t\t<span class='e-n-accordion-item-title-icon'>\n\t\t\t<span class='e-opened' ><i aria-hidden=\"true\" class=\"fas fa-minus\"><\/i><\/span>\n\t\t\t<span class='e-closed'><i aria-hidden=\"true\" class=\"fas fa-plus\"><\/i><\/span>\n\t\t<\/span>\n\n\t\t\t\t\t\t<\/summary>\n\t\t\t\t<div role=\"region\" aria-labelledby=\"e-n-accordion-item-12013\" class=\"elementor-element elementor-element-aa6e892 e-con-full e-flex e-con e-child\" data-id=\"aa6e892\" data-element_type=\"container\">\n\t\t\t\t<div class=\"elementor-element elementor-element-acb1248 elementor-widget elementor-widget-text-editor\" data-id=\"acb1248\" data-element_type=\"widget\" data-widget_type=\"text-editor.default\">\n\t\t\t\t<div class=\"elementor-widget-container\">\n\t\t\t\t\t\t\t\t\t<p>La location comprend : linge de lit et de bain, eau courante et \u00e9lectricit\u00e9, \u00e9lectrom\u00e9nagers, vaisselle, couverts, verrerie, ustensiles de cuisine et de nettoyage, mobilier, ainsi que le m\u00e9nage avant votre arriv\u00e9e et apr\u00e8s votre d\u00e9part. Pendant le s\u00e9jour, l\u2019entretien des lieux est \u00e0 la charge du locataire. Si la maison est restitu\u00e9e dans un \u00e9tat de propret\u00e9 ou d\u2019ordre insuffisant, \u00e0 l\u2019int\u00e9rieur comme \u00e0 l\u2019ext\u00e9rieur, les frais de nettoyage seront d\u00e9duits de la caution, tout comme en cas de mauvaise utilisation, de casse ou de disparition du linge de maison, d\u2019\u00e9l\u00e9ments d\u00e9coratifs, d\u2019ustensiles ou de mobilier.<\/p>\n\t\t\t\t\t\t\t\t<\/div>\n\t\t\t\t<\/div>\n\t\t\t\t<\/div>\n\t\t\t\t\t<\/details>\n\t\t\t\t\t\t<details id=\"e-n-accordion-item-12014\" class=\"e-n-accordion-item\" >\n\t\t\t\t<summary class=\"e-n-accordion-item-title\" data-accordion-index=\"15\" tabindex=\"-1\" aria-expanded=\"false\" aria-controls=\"e-n-accordion-item-12014\" >\n\t\t\t\t\t<span class='e-n-accordion-item-title-header'><div class=\"e-n-accordion-item-title-text\"> Pyrotechnie <\/div><\/span>\n\t\t\t\t\t\t\t<span class='e-n-accordion-item-title-icon'>\n\t\t\t<span class='e-opened' ><i aria-hidden=\"true\" class=\"fas fa-minus\"><\/i><\/span>\n\t\t\t<span class='e-closed'><i aria-hidden=\"true\" class=\"fas fa-plus\"><\/i><\/span>\n\t\t<\/span>\n\n\t\t\t\t\t\t<\/summary>\n\t\t\t\t<div role=\"region\" aria-labelledby=\"e-n-accordion-item-12014\" class=\"elementor-element elementor-element-6cdb486 e-con-full e-flex e-con e-child\" data-id=\"6cdb486\" data-element_type=\"container\">\n\t\t\t\t<div class=\"elementor-element elementor-element-bab0a4a elementor-widget elementor-widget-text-editor\" data-id=\"bab0a4a\" data-element_type=\"widget\" data-widget_type=\"text-editor.default\">\n\t\t\t\t<div class=\"elementor-widget-container\">\n\t\t\t\t\t\t\t\t\t<p>Il est strictement interdit d\u2019utiliser des feux d\u2019artifice ou des fumig\u00e8nes. Il est \u00e9galement interdit d\u2019allumer un feu, sauf dans les espaces sp\u00e9cifiquement pr\u00e9vus \u00e0 cet effet. L\u2019utilisation de confettis est \u00e9galement interdite, aussi bien \u00e0 l\u2019int\u00e9rieur qu\u2019\u00e0 l\u2019ext\u00e9rieur.<\/p>\n\t\t\t\t\t\t\t\t<\/div>\n\t\t\t\t<\/div>\n\t\t\t\t<\/div>\n\t\t\t\t\t<\/details>\n\t\t\t\t\t\t<details id=\"e-n-accordion-item-12015\" class=\"e-n-accordion-item\" >\n\t\t\t\t<summary class=\"e-n-accordion-item-title\" data-accordion-index=\"16\" tabindex=\"-1\" aria-expanded=\"false\" aria-controls=\"e-n-accordion-item-12015\" >\n\t\t\t\t\t<span class='e-n-accordion-item-title-header'><div class=\"e-n-accordion-item-title-text\"> Fum\u00e9e <\/div><\/span>\n\t\t\t\t\t\t\t<span class='e-n-accordion-item-title-icon'>\n\t\t\t<span class='e-opened' ><i aria-hidden=\"true\" class=\"fas fa-minus\"><\/i><\/span>\n\t\t\t<span class='e-closed'><i aria-hidden=\"true\" class=\"fas fa-plus\"><\/i><\/span>\n\t\t<\/span>\n\n\t\t\t\t\t\t<\/summary>\n\t\t\t\t<div role=\"region\" aria-labelledby=\"e-n-accordion-item-12015\" class=\"elementor-element elementor-element-343f02f e-con-full e-flex e-con e-child\" data-id=\"343f02f\" data-element_type=\"container\">\n\t\t\t\t<div class=\"elementor-element elementor-element-742651b elementor-widget elementor-widget-text-editor\" data-id=\"742651b\" data-element_type=\"widget\" data-widget_type=\"text-editor.default\">\n\t\t\t\t<div class=\"elementor-widget-container\">\n\t\t\t\t\t\t\t\t\t<p>Il est strictement interdit de fumer \u00e0 l\u2019int\u00e9rieur de la masia, aussi bien dans les espaces communs que dans les chambres.<\/p>\n\t\t\t\t\t\t\t\t<\/div>\n\t\t\t\t<\/div>\n\t\t\t\t<\/div>\n\t\t\t\t\t<\/details>\n\t\t\t\t\t\t<details id=\"e-n-accordion-item-12016\" class=\"e-n-accordion-item\" >\n\t\t\t\t<summary class=\"e-n-accordion-item-title\" data-accordion-index=\"17\" tabindex=\"-1\" aria-expanded=\"false\" aria-controls=\"e-n-accordion-item-12016\" >\n\t\t\t\t\t<span class='e-n-accordion-item-title-header'><div class=\"e-n-accordion-item-title-text\"> Piscine <\/div><\/span>\n\t\t\t\t\t\t\t<span class='e-n-accordion-item-title-icon'>\n\t\t\t<span class='e-opened' ><i aria-hidden=\"true\" class=\"fas fa-minus\"><\/i><\/span>\n\t\t\t<span class='e-closed'><i aria-hidden=\"true\" class=\"fas fa-plus\"><\/i><\/span>\n\t\t<\/span>\n\n\t\t\t\t\t\t<\/summary>\n\t\t\t\t<div role=\"region\" aria-labelledby=\"e-n-accordion-item-12016\" class=\"elementor-element elementor-element-d0fd142 e-con-full e-flex e-con e-child\" data-id=\"d0fd142\" data-element_type=\"container\">\n\t\t\t\t<div class=\"elementor-element elementor-element-ce4385b elementor-widget elementor-widget-text-editor\" data-id=\"ce4385b\" data-element_type=\"widget\" data-widget_type=\"text-editor.default\">\n\t\t\t\t<div class=\"elementor-widget-container\">\n\t\t\t\t\t\t\t\t\t<p>La piscine ne dispose pas de service de surveillance ni de ma\u00eetre-nageur.<br \/>   L\u2019acc\u00e8s et l\u2019utilisation de la piscine sont interdits aux enfants de moins de 14 ans sans la pr\u00e9sence d\u2019un adulte responsable.<br \/>   L\u2019utilisateur est enti\u00e8rement responsable du bon usage de la piscine et de tout accident pouvant s\u2019y produire.<br \/>   L\u2019usage de tout mat\u00e9riel en verre (verres, assiettes\u2026) est strictement interdit afin de garantir la s\u00e9curit\u00e9 des utilisateurs.<br \/>   Nous informons que les obligations relatives \u00e0 la pr\u00e9sence d\u2019un personnel de surveillance ou de secours ne s\u2019appliquent pas aux piscines int\u00e9gr\u00e9es dans des h\u00e9bergements touristiques de type maisons rurales, r\u00e9gies par le D\u00e9cret 214\/1995 du 27 juin (DOGC n\u00ba 2085 du 7.8.1995).<\/p>\n\t\t\t\t\t\t\t\t<\/div>\n\t\t\t\t<\/div>\n\t\t\t\t<\/div>\n\t\t\t\t\t<\/details>\n\t\t\t\t\t\t<details id=\"e-n-accordion-item-12017\" class=\"e-n-accordion-item\" >\n\t\t\t\t<summary class=\"e-n-accordion-item-title\" data-accordion-index=\"18\" tabindex=\"-1\" aria-expanded=\"false\" aria-controls=\"e-n-accordion-item-12017\" >\n\t\t\t\t\t<span class='e-n-accordion-item-title-header'><div class=\"e-n-accordion-item-title-text\"> R\u00e9siliation <\/div><\/span>\n\t\t\t\t\t\t\t<span class='e-n-accordion-item-title-icon'>\n\t\t\t<span class='e-opened' ><i aria-hidden=\"true\" class=\"fas fa-minus\"><\/i><\/span>\n\t\t\t<span class='e-closed'><i aria-hidden=\"true\" class=\"fas fa-plus\"><\/i><\/span>\n\t\t<\/span>\n\n\t\t\t\t\t\t<\/summary>\n\t\t\t\t<div role=\"region\" aria-labelledby=\"e-n-accordion-item-12017\" class=\"elementor-element elementor-element-aafd7f0 e-con-full e-flex e-con e-child\" data-id=\"aafd7f0\" data-element_type=\"container\">\n\t\t\t\t<div class=\"elementor-element elementor-element-8e638ac elementor-widget elementor-widget-text-editor\" data-id=\"8e638ac\" data-element_type=\"widget\" data-widget_type=\"text-editor.default\">\n\t\t\t\t<div class=\"elementor-widget-container\">\n\t\t\t\t\t\t\t\t\t<p>Le propri\u00e9taire se r\u00e9serve le droit de r\u00e9silier imm\u00e9diatement le contrat dans les cas suivants :<br \/>   &#8211; Acc\u00e8s d\u2019occupants, d\u2019animaux domestiques ou de prestataires non autoris\u00e9s pr\u00e9alablement par la propri\u00e9t\u00e9.<br \/>   &#8211; Cession ou sous-location totale ou partielle de l\u2019h\u00e9bergement.<br \/>   &#8211; Mauvaise utilisation des installations ou non-respect des r\u00e8gles \u00e9tablies.<br \/>   &#8211; D\u00e9placement du mobilier int\u00e9rieur vers l\u2019ext\u00e9rieur (tables, chaises, t\u00e9l\u00e9vision, etc.).<br \/>   &#8211; D\u00e9placement ou retrait des \u00e9l\u00e9ments d\u00e9coratifs des chambres et salons.<br \/>   &#8211; Non-respect des r\u00e8gles habituelles d\u2019urbanit\u00e9, d\u2019hygi\u00e8ne, de convivialit\u00e9 ou d\u2019ordre public.<\/p>\n\t\t\t\t\t\t\t\t<\/div>\n\t\t\t\t<\/div>\n\t\t\t\t<\/div>\n\t\t\t\t\t<\/details>\n\t\t\t\t\t\t<details id=\"e-n-accordion-item-12018\" class=\"e-n-accordion-item\" >\n\t\t\t\t<summary class=\"e-n-accordion-item-title\" data-accordion-index=\"19\" tabindex=\"-1\" aria-expanded=\"false\" aria-controls=\"e-n-accordion-item-12018\" >\n\t\t\t\t\t<span class='e-n-accordion-item-title-header'><div class=\"e-n-accordion-item-title-text\"> Responsabilit\u00e9s exclues <\/div><\/span>\n\t\t\t\t\t\t\t<span class='e-n-accordion-item-title-icon'>\n\t\t\t<span class='e-opened' ><i aria-hidden=\"true\" class=\"fas fa-minus\"><\/i><\/span>\n\t\t\t<span class='e-closed'><i aria-hidden=\"true\" class=\"fas fa-plus\"><\/i><\/span>\n\t\t<\/span>\n\n\t\t\t\t\t\t<\/summary>\n\t\t\t\t<div role=\"region\" aria-labelledby=\"e-n-accordion-item-12018\" class=\"elementor-element elementor-element-ffadf14 e-con-full e-flex e-con e-child\" data-id=\"ffadf14\" data-element_type=\"container\">\n\t\t\t\t<div class=\"elementor-element elementor-element-989b7d8 elementor-widget elementor-widget-text-editor\" data-id=\"989b7d8\" data-element_type=\"widget\" data-widget_type=\"text-editor.default\">\n\t\t\t\t<div class=\"elementor-widget-container\">\n\t\t\t\t\t\t\t\t\t<p>Les vols, pertes ou dommages que les clients pourraient subir durant leur s\u00e9jour dans les h\u00e9bergements lou\u00e9s.<br \/>   Les coupures de fournitures d&rsquo;\u00e9lectricit\u00e9, d&rsquo;eau ou de gaz.<br \/>   La panne d&rsquo;\u00e9lectrom\u00e9nagers ou de tout autre appareil faisant partie de l&rsquo;h\u00e9bergement doit \u00eatre signal\u00e9e imm\u00e9diatement afin d\u2019\u00eatre transmise au service technique comp\u00e9tent, mais l&rsquo;absence d&rsquo;intervention de ce service ne donnera lieu \u00e0 aucune indemnisation.<br \/>   Les travaux r\u00e9alis\u00e9s par la mairie ou par des entreprises ext\u00e9rieures \u00e0 la maison, qui pourraient affecter le bon d\u00e9roulement du s\u00e9jour des clients.<br \/>   Tout cas de force majeure, catastrophe naturelle ou \u00e9v\u00e9nement similaire emp\u00eachant l&rsquo;utilisation normale des installations de la maison.<\/p>\n\t\t\t\t\t\t\t\t<\/div>\n\t\t\t\t<\/div>\n\t\t\t\t<\/div>\n\t\t\t\t\t<\/details>\n\t\t\t\t\t<\/div>\n\t\t\t\t\t\t<\/div>\n\t\t\t\t<\/div>\n\t\t\t\t\t<\/div>\n\t\t\t\t<\/div>\n\t\t\t\t<\/div>\n\t\t","protected":false},"excerpt":{"rendered":"<p>R\u00e8gles Capacit\u00e9 d\u2019h\u00e9bergementJusqu\u2019\u00e0 30 personnes. Les chambres sont ouvertes en fonction de la saison et du nombre de personnes. Dur\u00e9e minimale du s\u00e9jourMinimum de 2 nuits. En \u00e9t\u00e9, location \u00e0 la semaine. Arriv\u00e9e et d\u00e9partWeek-end : arriv\u00e9e le vendredi \u00e0 partir de 16h00, d\u00e9part le dimanche \u00e0 la m\u00eame heure.Semaine compl\u00e8te : arriv\u00e9e \u00e0 partir [&hellip;]<\/p>\n","protected":false},"author":1,"featured_media":0,"parent":0,"menu_order":0,"comment_status":"closed","ping_status":"closed","template":"elementor_header_footer","meta":{"_acf_changed":false,"footnotes":""},"class_list":["post-7691","page","type-page","status-publish","hentry"],"acf":[],"_links":{"self":[{"href":"https:\/\/vallfort.com\/fr\/wp-json\/wp\/v2\/pages\/7691","targetHints":{"allow":["GET"]}}],"collection":[{"href":"https:\/\/vallfort.com\/fr\/wp-json\/wp\/v2\/pages"}],"about":[{"href":"https:\/\/vallfort.com\/fr\/wp-json\/wp\/v2\/types\/page"}],"author":[{"embeddable":true,"href":"https:\/\/vallfort.com\/fr\/wp-json\/wp\/v2\/users\/1"}],"replies":[{"embeddable":true,"href":"https:\/\/vallfort.com\/fr\/wp-json\/wp\/v2\/comments?post=7691"}],"version-history":[{"count":6,"href":"https:\/\/vallfort.com\/fr\/wp-json\/wp\/v2\/pages\/7691\/revisions"}],"predecessor-version":[{"id":8092,"href":"https:\/\/vallfort.com\/fr\/wp-json\/wp\/v2\/pages\/7691\/revisions\/8092"}],"wp:attachment":[{"href":"https:\/\/vallfort.com\/fr\/wp-json\/wp\/v2\/media?parent=7691"}],"curies":[{"name":"wp","href":"https:\/\/api.w.org\/{rel}","templated":true}]}}