{"id":7695,"date":"2024-11-15T11:06:16","date_gmt":"2024-11-15T10:06:16","guid":{"rendered":"https:\/\/vallfort.com\/foire-aux-questions\/"},"modified":"2025-03-03T13:03:20","modified_gmt":"2025-03-03T12:03:20","slug":"foire-aux-questions","status":"publish","type":"page","link":"https:\/\/vallfort.com\/fr\/foire-aux-questions\/","title":{"rendered":"Foire Aux Questions"},"content":{"rendered":"\t\t<div data-elementor-type=\"wp-page\" data-elementor-id=\"7695\" class=\"elementor elementor-7695 elementor-3090\" data-elementor-post-type=\"page\">\n\t\t\t\t<div class=\"elementor-element elementor-element-a97b370 e-flex e-con-boxed e-con e-parent\" data-id=\"a97b370\" data-element_type=\"container\">\n\t\t\t\t\t<div class=\"e-con-inner\">\n\t\t\t\t<div class=\"elementor-element elementor-element-250b38d elementor-widget elementor-widget-spacer\" data-id=\"250b38d\" data-element_type=\"widget\" data-widget_type=\"spacer.default\">\n\t\t\t\t<div class=\"elementor-widget-container\">\n\t\t\t\t\t\t\t<div class=\"elementor-spacer\">\n\t\t\t<div class=\"elementor-spacer-inner\"><\/div>\n\t\t<\/div>\n\t\t\t\t\t\t<\/div>\n\t\t\t\t<\/div>\n\t\t\t\t<div class=\"elementor-element elementor-element-1e1a723 elementor-widget elementor-widget-html\" data-id=\"1e1a723\" data-element_type=\"widget\" data-widget_type=\"html.default\">\n\t\t\t\t<div class=\"elementor-widget-container\">\n\t\t\t\t\t<script>\ndocument.addEventListener(\"DOMContentLoaded\", () => {\n    \/\/ Elimina todas las clases \"snapSection\"\n    document.querySelectorAll(\".snapSection\").forEach(element => {\n        element.classList.remove(\"snapSection\");\n    });\n\n    \/\/ Asegura que el scroll se lleve a la posici\u00f3n 0 despu\u00e9s de un peque\u00f1o retraso\n    setTimeout(() => {\n        window.scrollTo({ top: 0, left: 0, behavior: \"instant\" }); \/\/ \"instant\" es m\u00e1s efectivo que \"smooth\"\n    }, 1);\n});\n\n<\/script>\t\t\t\t<\/div>\n\t\t\t\t<\/div>\n\t\t\t\t\t<\/div>\n\t\t\t\t<\/div>\n\t\t<div class=\"elementor-element elementor-element-b47b3bc e-flex e-con-boxed e-con e-parent\" data-id=\"b47b3bc\" data-element_type=\"container\">\n\t\t\t\t\t<div class=\"e-con-inner\">\n\t\t\t\t<div class=\"elementor-element elementor-element-476b670 elementor-widget elementor-widget-heading\" data-id=\"476b670\" data-element_type=\"widget\" data-widget_type=\"heading.default\">\n\t\t\t\t<div class=\"elementor-widget-container\">\n\t\t\t\t\t<h2 class=\"elementor-heading-title elementor-size-default\">Foire Aux Questions<\/h2>\t\t\t\t<\/div>\n\t\t\t\t<\/div>\n\t\t\t\t\t<\/div>\n\t\t\t\t<\/div>\n\t\t<div class=\"elementor-element elementor-element-4f32f25 e-flex e-con-boxed e-con e-parent\" data-id=\"4f32f25\" data-element_type=\"container\">\n\t\t\t\t\t<div class=\"e-con-inner\">\n\t\t<div class=\"elementor-element elementor-element-4819444 e-con-full e-flex e-con e-child\" data-id=\"4819444\" data-element_type=\"container\">\n\t\t\t\t<div class=\"elementor-element elementor-element-17b3dc2 elementor-widget elementor-widget-text-editor\" data-id=\"17b3dc2\" data-element_type=\"widget\" data-widget_type=\"text-editor.default\">\n\t\t\t\t<div class=\"elementor-widget-container\">\n\t\t\t\t\t\t\t\t\t<h2 class=\"wp-block-heading\"><strong>R\u00e9ponse aux questions fr\u00e9quentes<\/strong><\/h2>\n<h4 class=\"wp-block-heading\"><strong>Nous avons vu qu&rsquo;il y a de la disponibilit\u00e9 pour les dates qui nous int\u00e9ressent. Comment pouvons-nous formaliser la r\u00e9servation ?<\/strong><\/h4>\n<p>Vous pouvez envoyer un e-mail ou remplir le formulaire sur la page de contact. Il est n\u00e9cessaire de confirmer les dates et le nombre de personnes qui s\u00e9journeront, ainsi que de verser l\u2019acompte de la <a href=\"https:\/\/vallfort.com\/fr\/contacto\/\" target=\"_blank\" rel=\"noreferrer noopener\">r\u00e9servation<\/a>.<\/p>\n<h4 class=\"wp-block-heading\"><strong>Quel est le montant de l\u2019acompte pour la r\u00e9servation de l&rsquo;h\u00e9bergement ?<\/strong><\/h4>\n<p>L\u2019acompte pour les r\u00e9servations est d\u2019un minimum de 30 % du montant total et doit \u00eatre pay\u00e9 au moment de la r\u00e9servation.<\/p>\n<h4 class=\"wp-block-heading\"><strong>Si nous ne pouvons finalement pas venir, est-il possible de r\u00e9cup\u00e9rer l\u2019acompte ?<\/strong><\/h4>\n<p>Oui, les annulations de r\u00e9servation sont accept\u00e9es jusqu&rsquo;\u00e0 4 mois avant la date d&rsquo;arriv\u00e9e.<\/p>\n<h4 class=\"wp-block-heading\"><strong>Nous avons r\u00e9serv\u00e9 pour un groupe de personnes confirm\u00e9es. Est-il possible d&rsquo;inviter d&rsquo;autres personnes pour la journ\u00e9e ?<\/strong><\/h4>\n<p>La masia est r\u00e9serv\u00e9e exclusivement pour le groupe de personnes ayant effectu\u00e9 la r\u00e9servation. Toute personne suppl\u00e9mentaire doit \u00eatre signal\u00e9e \u00e0 la propri\u00e9t\u00e9 \u00e0 l&rsquo;avance afin d\u2019en tenir compte et d\u2019\u00e9valuer la r\u00e9servation.<\/p>\n<h4 class=\"wp-block-heading\"><strong>Est-il possible de souscrire \u00e0 des services suppl\u00e9mentaires \u00e0 l&rsquo;h\u00e9bergement ?<\/strong><\/h4>\n<p>Nous travaillons exclusivement avec des prestataires qui respectent l\u2019environnement de la masia. Pour toute demande suppl\u00e9mentaire, il est n\u00e9cessaire d\u2019informer la propri\u00e9t\u00e9 afin d\u2019\u00e9valuer sa faisabilit\u00e9.<\/p>\n<h4 class=\"wp-block-heading\"><strong>Aurons-nous acc\u00e8s \u00e0 toute la masia ?<\/strong><\/h4>\n<p>Pour conna\u00eetre les chambres qui seront mises \u00e0 disposition, il est n\u00e9cessaire de pr\u00e9ciser les dates et le nombre de personnes, car les chambres les plus adapt\u00e9es seront attribu\u00e9es en fonction de la p\u00e9riode de l\u2019ann\u00e9e.<\/p>\n<h4 class=\"wp-block-heading\"><strong>Partagerons-nous l\u2019espace avec d\u2019autres personnes ?<\/strong><\/h4>\n<p>La masia est r\u00e9serv\u00e9e \u00e0 un seul groupe \u00e0 la fois. Nous resterons disponibles pour toute demande et vous laisserons profiter en toute exclusivit\u00e9 de la tranquillit\u00e9 et de l\u2019intimit\u00e9 du lieu.<\/p>\n<h4 class=\"wp-block-heading\"><strong>Est-il possible d&rsquo;utiliser la piscine et le barbecue aux dates pr\u00e9vues ?<\/strong><\/h4>\n<p>La piscine \u00e9tant ext\u00e9rieure, elle est ferm\u00e9e pendant les mois d&rsquo;hiver. Cependant, vous pourrez profiter du barbecue et du jardin tout au long de l&rsquo;ann\u00e9e.<\/p>\n<div class=\"wp-block-spacer\" aria-hidden=\"true\"><\/div>\n<p><em>Pour toute autre question ou suggestion, n\u2019h\u00e9sitez pas \u00e0 nous contacter par e-mail \u00e0 masiavallfort@vallfort.com ou via le formulaire de <a href=\"https:\/\/vallfort.com\/fr\/contacto\/\" target=\"_blank\" rel=\"noreferrer noopener\">contact<\/a>.<\/em><\/p>\n\t\t\t\t\t\t\t\t<\/div>\n\t\t\t\t<\/div>\n\t\t\t\t<\/div>\n\t\t\t\t\t<\/div>\n\t\t\t\t<\/div>\n\t\t\t\t<\/div>\n\t\t","protected":false},"excerpt":{"rendered":"<p>Foire Aux Questions R\u00e9ponse aux questions fr\u00e9quentes Nous avons vu qu&rsquo;il y a de la disponibilit\u00e9 pour les dates qui nous int\u00e9ressent. Comment pouvons-nous formaliser la r\u00e9servation ? Vous pouvez envoyer un e-mail ou remplir le formulaire sur la page de contact. Il est n\u00e9cessaire de confirmer les dates et le nombre de personnes qui [&hellip;]<\/p>\n","protected":false},"author":1,"featured_media":0,"parent":0,"menu_order":0,"comment_status":"closed","ping_status":"closed","template":"elementor_header_footer","meta":{"_acf_changed":false,"footnotes":""},"class_list":["post-7695","page","type-page","status-publish","hentry"],"acf":[],"_links":{"self":[{"href":"https:\/\/vallfort.com\/fr\/wp-json\/wp\/v2\/pages\/7695","targetHints":{"allow":["GET"]}}],"collection":[{"href":"https:\/\/vallfort.com\/fr\/wp-json\/wp\/v2\/pages"}],"about":[{"href":"https:\/\/vallfort.com\/fr\/wp-json\/wp\/v2\/types\/page"}],"author":[{"embeddable":true,"href":"https:\/\/vallfort.com\/fr\/wp-json\/wp\/v2\/users\/1"}],"replies":[{"embeddable":true,"href":"https:\/\/vallfort.com\/fr\/wp-json\/wp\/v2\/comments?post=7695"}],"version-history":[{"count":8,"href":"https:\/\/vallfort.com\/fr\/wp-json\/wp\/v2\/pages\/7695\/revisions"}],"predecessor-version":[{"id":8098,"href":"https:\/\/vallfort.com\/fr\/wp-json\/wp\/v2\/pages\/7695\/revisions\/8098"}],"wp:attachment":[{"href":"https:\/\/vallfort.com\/fr\/wp-json\/wp\/v2\/media?parent=7695"}],"curies":[{"name":"wp","href":"https:\/\/api.w.org\/{rel}","templated":true}]}}